{"id":869,"date":"2022-06-23T21:33:06","date_gmt":"2022-06-23T21:33:06","guid":{"rendered":"https:\/\/www.artepadilla.rio\/oolhargermanico\/?page_id=869"},"modified":"2022-08-05T13:54:12","modified_gmt":"2022-08-05T13:54:12","slug":"expo-1","status":"publish","type":"page","link":"https:\/\/www.artepadilla.rio\/oolhargermanico\/expo-1\/","title":{"rendered":"Rio de Janeiro \u00e0 Vista"},"content":{"rendered":"\t\t<div data-elementor-type=\"wp-page\" data-elementor-id=\"869\" class=\"elementor elementor-869\">\n\t\t\t\t\t\t\t\t\t<section class=\"elementor-section elementor-top-section elementor-element elementor-element-b21d44a elementor-hidden-tablet elementor-hidden-mobile elementor-section-boxed elementor-section-height-default elementor-section-height-default\" data-id=\"b21d44a\" data-element_type=\"section\" data-settings=\"{&quot;background_background&quot;:&quot;classic&quot;}\">\n\t\t\t\t\t\t<div class=\"elementor-container elementor-column-gap-default\">\n\t\t\t\t\t<div class=\"elementor-column elementor-col-100 elementor-top-column elementor-element elementor-element-52c9954\" data-id=\"52c9954\" data-element_type=\"column\">\n\t\t\t<div class=\"elementor-widget-wrap elementor-element-populated\">\n\t\t\t\t\t\t\t\t<div class=\"elementor-element elementor-element-8ac273a elementor-widget elementor-widget-spacer\" data-id=\"8ac273a\" data-element_type=\"widget\" data-widget_type=\"spacer.default\">\n\t\t\t\t<div class=\"elementor-widget-container\">\n\t\t\t<style>\/*! elementor - v3.9.0 - 06-12-2022 *\/\n.elementor-column .elementor-spacer-inner{height:var(--spacer-size)}.e-con{--container-widget-width:100%}.e-con-inner>.elementor-widget-spacer,.e-con>.elementor-widget-spacer{width:var(--container-widget-width,var(--spacer-size));--align-self:var(--container-widget-align-self,initial);--flex-shrink:0}.e-con-inner>.elementor-widget-spacer>.elementor-widget-container,.e-con-inner>.elementor-widget-spacer>.elementor-widget-container>.elementor-spacer,.e-con>.elementor-widget-spacer>.elementor-widget-container,.e-con>.elementor-widget-spacer>.elementor-widget-container>.elementor-spacer{height:100%}.e-con-inner>.elementor-widget-spacer>.elementor-widget-container>.elementor-spacer>.elementor-spacer-inner,.e-con>.elementor-widget-spacer>.elementor-widget-container>.elementor-spacer>.elementor-spacer-inner{height:var(--container-widget-height,var(--spacer-size))}<\/style>\t\t<div class=\"elementor-spacer\">\n\t\t\t<div class=\"elementor-spacer-inner\"><\/div>\n\t\t<\/div>\n\t\t\t\t<\/div>\n\t\t\t\t<\/div>\n\t\t\t\t\t<\/div>\n\t\t<\/div>\n\t\t\t\t\t\t\t<\/div>\n\t\t<\/section>\n\t\t\t\t<section class=\"elementor-section elementor-top-section elementor-element elementor-element-f641350 elementor-section-content-middle elementor-hidden-mobile elementor-hidden-tablet elementor-section-boxed elementor-section-height-default elementor-section-height-default\" data-id=\"f641350\" data-element_type=\"section\" data-settings=\"{&quot;background_background&quot;:&quot;classic&quot;}\">\n\t\t\t\t\t\t<div class=\"elementor-container elementor-column-gap-no\">\n\t\t\t\t\t<div class=\"elementor-column elementor-col-100 elementor-top-column elementor-element elementor-element-9084ac8\" data-id=\"9084ac8\" data-element_type=\"column\">\n\t\t\t<div class=\"elementor-widget-wrap elementor-element-populated\">\n\t\t\t\t\t\t\t\t<div class=\"elementor-element elementor-element-eea2c42 elementor-widget elementor-widget-image\" data-id=\"eea2c42\" data-element_type=\"widget\" data-widget_type=\"image.default\">\n\t\t\t\t<div class=\"elementor-widget-container\">\n\t\t\t<style>\/*! elementor - v3.9.0 - 06-12-2022 *\/\n.elementor-widget-image{text-align:center}.elementor-widget-image a{display:inline-block}.elementor-widget-image a img[src$=\".svg\"]{width:48px}.elementor-widget-image img{vertical-align:middle;display:inline-block}<\/style>\t\t\t\t\t\t\t\t\t\t\t\t<img loading=\"lazy\" decoding=\"async\" width=\"1024\" height=\"553\" src=\"https:\/\/www.artepadilla.rio\/oolhargermanico\/wp-content\/uploads\/2022\/06\/designer-paginas-linha-foto-e-texto-1024x553.png\" class=\"attachment-large size-large wp-image-873\" alt=\"\" srcset=\"https:\/\/www.artepadilla.rio\/oolhargermanico\/wp-content\/uploads\/2022\/06\/designer-paginas-linha-foto-e-texto-1024x553.png 1024w, https:\/\/www.artepadilla.rio\/oolhargermanico\/wp-content\/uploads\/2022\/06\/designer-paginas-linha-foto-e-texto-300x162.png 300w, https:\/\/www.artepadilla.rio\/oolhargermanico\/wp-content\/uploads\/2022\/06\/designer-paginas-linha-foto-e-texto-768x415.png 768w, https:\/\/www.artepadilla.rio\/oolhargermanico\/wp-content\/uploads\/2022\/06\/designer-paginas-linha-foto-e-texto-1536x829.png 1536w, https:\/\/www.artepadilla.rio\/oolhargermanico\/wp-content\/uploads\/2022\/06\/designer-paginas-linha-foto-e-texto-2048x1106.png 2048w\" sizes=\"auto, (max-width: 1024px) 100vw, 1024px\" \/>\t\t\t\t\t\t\t\t\t\t\t\t\t\t\t<\/div>\n\t\t\t\t<\/div>\n\t\t\t\t<div class=\"elementor-element elementor-element-7577684 elementor-widget elementor-widget-image\" data-id=\"7577684\" data-element_type=\"widget\" data-widget_type=\"image.default\">\n\t\t\t\t<div class=\"elementor-widget-container\">\n\t\t\t\t\t\t\t\t\t\t\t\t\t\t\t<img loading=\"lazy\" decoding=\"async\" width=\"1024\" height=\"365\" src=\"https:\/\/www.artepadilla.rio\/oolhargermanico\/wp-content\/uploads\/2022\/06\/rio-de-janeiro-a-vista-pagina-1-1024x365.png\" class=\"attachment-large size-large wp-image-874\" alt=\"\" srcset=\"https:\/\/www.artepadilla.rio\/oolhargermanico\/wp-content\/uploads\/2022\/06\/rio-de-janeiro-a-vista-pagina-1-1024x365.png 1024w, https:\/\/www.artepadilla.rio\/oolhargermanico\/wp-content\/uploads\/2022\/06\/rio-de-janeiro-a-vista-pagina-1-300x107.png 300w, https:\/\/www.artepadilla.rio\/oolhargermanico\/wp-content\/uploads\/2022\/06\/rio-de-janeiro-a-vista-pagina-1-768x274.png 768w, https:\/\/www.artepadilla.rio\/oolhargermanico\/wp-content\/uploads\/2022\/06\/rio-de-janeiro-a-vista-pagina-1-1536x547.png 1536w, https:\/\/www.artepadilla.rio\/oolhargermanico\/wp-content\/uploads\/2022\/06\/rio-de-janeiro-a-vista-pagina-1-2048x729.png 2048w\" sizes=\"auto, (max-width: 1024px) 100vw, 1024px\" \/>\t\t\t\t\t\t\t\t\t\t\t\t\t\t\t<\/div>\n\t\t\t\t<\/div>\n\t\t\t\t<section class=\"elementor-section elementor-inner-section elementor-element elementor-element-37ff7ec elementor-section-boxed elementor-section-height-default elementor-section-height-default\" data-id=\"37ff7ec\" data-element_type=\"section\">\n\t\t\t\t\t\t<div class=\"elementor-container elementor-column-gap-default\">\n\t\t\t\t\t<div class=\"elementor-column elementor-col-50 elementor-inner-column elementor-element elementor-element-e40bf77\" data-id=\"e40bf77\" data-element_type=\"column\">\n\t\t\t<div class=\"elementor-widget-wrap elementor-element-populated\">\n\t\t\t\t\t\t\t\t<div class=\"elementor-element elementor-element-a79d97f elementor-widget elementor-widget-text-editor\" data-id=\"a79d97f\" data-element_type=\"widget\" data-widget_type=\"text-editor.default\">\n\t\t\t\t<div class=\"elementor-widget-container\">\n\t\t\t<style>\/*! elementor - v3.9.0 - 06-12-2022 *\/\n.elementor-widget-text-editor.elementor-drop-cap-view-stacked .elementor-drop-cap{background-color:#818a91;color:#fff}.elementor-widget-text-editor.elementor-drop-cap-view-framed .elementor-drop-cap{color:#818a91;border:3px solid;background-color:transparent}.elementor-widget-text-editor:not(.elementor-drop-cap-view-default) .elementor-drop-cap{margin-top:8px}.elementor-widget-text-editor:not(.elementor-drop-cap-view-default) .elementor-drop-cap-letter{width:1em;height:1em}.elementor-widget-text-editor .elementor-drop-cap{float:left;text-align:center;line-height:1;font-size:50px}.elementor-widget-text-editor .elementor-drop-cap-letter{display:inline-block}<\/style>\t\t\t\t<p>Thomas Ender<\/p>\t\t\t\t\t\t<\/div>\n\t\t\t\t<\/div>\n\t\t\t\t<div class=\"elementor-element elementor-element-f89e917 elementor-widget elementor-widget-text-editor\" data-id=\"f89e917\" data-element_type=\"widget\" data-widget_type=\"text-editor.default\">\n\t\t\t\t<div class=\"elementor-widget-container\">\n\t\t\t\t\t\t\t<p><strong>Praia de Botafogo, c. 1817<\/strong><\/p>\t\t\t\t\t\t<\/div>\n\t\t\t\t<\/div>\n\t\t\t\t\t<\/div>\n\t\t<\/div>\n\t\t\t\t<div class=\"elementor-column elementor-col-50 elementor-inner-column elementor-element elementor-element-b436189\" data-id=\"b436189\" data-element_type=\"column\">\n\t\t\t<div class=\"elementor-widget-wrap elementor-element-populated\">\n\t\t\t\t\t\t\t\t<div class=\"elementor-element elementor-element-1bb635d elementor-widget elementor-widget-text-editor\" data-id=\"1bb635d\" data-element_type=\"widget\" data-widget_type=\"text-editor.default\">\n\t\t\t\t<div class=\"elementor-widget-container\">\n\t\t\t\t\t\t\t<p>Aquarela sobre papel, 19,5 x 27,7 cm <br \/>Cole\u00e7\u00e3o Geyer \u2013 Museu Imperial\/Ibram\/Secult\/MTur <\/p>\t\t\t\t\t\t<\/div>\n\t\t\t\t<\/div>\n\t\t\t\t\t<\/div>\n\t\t<\/div>\n\t\t\t\t\t\t\t<\/div>\n\t\t<\/section>\n\t\t\t\t<div class=\"elementor-element elementor-element-7e9eef0 elementor-widget elementor-widget-heading\" data-id=\"7e9eef0\" data-element_type=\"widget\" data-widget_type=\"heading.default\">\n\t\t\t\t<div class=\"elementor-widget-container\">\n\t\t\t<style>\/*! elementor - v3.9.0 - 06-12-2022 *\/\n.elementor-heading-title{padding:0;margin:0;line-height:1}.elementor-widget-heading .elementor-heading-title[class*=elementor-size-]>a{color:inherit;font-size:inherit;line-height:inherit}.elementor-widget-heading .elementor-heading-title.elementor-size-small{font-size:15px}.elementor-widget-heading .elementor-heading-title.elementor-size-medium{font-size:19px}.elementor-widget-heading .elementor-heading-title.elementor-size-large{font-size:29px}.elementor-widget-heading .elementor-heading-title.elementor-size-xl{font-size:39px}.elementor-widget-heading .elementor-heading-title.elementor-size-xxl{font-size:59px}<\/style><h1 class=\"elementor-heading-title elementor-size-default\">Rio de Janeiro \u00e0 Vista<\/h1>\t\t<\/div>\n\t\t\t\t<\/div>\n\t\t\t\t\t<\/div>\n\t\t<\/div>\n\t\t\t\t\t\t\t<\/div>\n\t\t<\/section>\n\t\t\t\t<section class=\"elementor-section elementor-top-section elementor-element elementor-element-cd28db4 elementor-section-content-middle elementor-hidden-desktop elementor-section-boxed elementor-section-height-default elementor-section-height-default\" data-id=\"cd28db4\" data-element_type=\"section\" data-settings=\"{&quot;background_background&quot;:&quot;classic&quot;}\">\n\t\t\t\t\t\t<div class=\"elementor-container elementor-column-gap-no\">\n\t\t\t\t\t<div class=\"elementor-column elementor-col-100 elementor-top-column elementor-element elementor-element-98a44ba\" data-id=\"98a44ba\" data-element_type=\"column\">\n\t\t\t<div class=\"elementor-widget-wrap elementor-element-populated\">\n\t\t\t\t\t\t\t\t<div class=\"elementor-element elementor-element-9281678 elementor-widget elementor-widget-image\" data-id=\"9281678\" data-element_type=\"widget\" data-widget_type=\"image.default\">\n\t\t\t\t<div class=\"elementor-widget-container\">\n\t\t\t\t\t\t\t\t\t\t\t\t\t\t\t<img loading=\"lazy\" decoding=\"async\" width=\"995\" height=\"1024\" src=\"https:\/\/www.artepadilla.rio\/oolhargermanico\/wp-content\/uploads\/2022\/06\/linha-pages-mobile-995x1024.png\" class=\"attachment-large size-large wp-image-1051\" alt=\"\" srcset=\"https:\/\/www.artepadilla.rio\/oolhargermanico\/wp-content\/uploads\/2022\/06\/linha-pages-mobile-995x1024.png 995w, https:\/\/www.artepadilla.rio\/oolhargermanico\/wp-content\/uploads\/2022\/06\/linha-pages-mobile-291x300.png 291w, https:\/\/www.artepadilla.rio\/oolhargermanico\/wp-content\/uploads\/2022\/06\/linha-pages-mobile-768x791.png 768w, https:\/\/www.artepadilla.rio\/oolhargermanico\/wp-content\/uploads\/2022\/06\/linha-pages-mobile-1492x1536.png 1492w, https:\/\/www.artepadilla.rio\/oolhargermanico\/wp-content\/uploads\/2022\/06\/linha-pages-mobile-1989x2048.png 1989w\" sizes=\"auto, (max-width: 995px) 100vw, 995px\" \/>\t\t\t\t\t\t\t\t\t\t\t\t\t\t\t<\/div>\n\t\t\t\t<\/div>\n\t\t\t\t<div class=\"elementor-element elementor-element-d5c337b elementor-widget elementor-widget-image\" data-id=\"d5c337b\" data-element_type=\"widget\" data-widget_type=\"image.default\">\n\t\t\t\t<div class=\"elementor-widget-container\">\n\t\t\t\t\t\t\t\t\t\t\t\t\t\t\t<img loading=\"lazy\" decoding=\"async\" width=\"1024\" height=\"365\" src=\"https:\/\/www.artepadilla.rio\/oolhargermanico\/wp-content\/uploads\/2022\/06\/rio-de-janeiro-a-vista-pagina-1-1024x365.png\" class=\"attachment-large size-large wp-image-874\" alt=\"\" srcset=\"https:\/\/www.artepadilla.rio\/oolhargermanico\/wp-content\/uploads\/2022\/06\/rio-de-janeiro-a-vista-pagina-1-1024x365.png 1024w, https:\/\/www.artepadilla.rio\/oolhargermanico\/wp-content\/uploads\/2022\/06\/rio-de-janeiro-a-vista-pagina-1-300x107.png 300w, https:\/\/www.artepadilla.rio\/oolhargermanico\/wp-content\/uploads\/2022\/06\/rio-de-janeiro-a-vista-pagina-1-768x274.png 768w, https:\/\/www.artepadilla.rio\/oolhargermanico\/wp-content\/uploads\/2022\/06\/rio-de-janeiro-a-vista-pagina-1-1536x547.png 1536w, https:\/\/www.artepadilla.rio\/oolhargermanico\/wp-content\/uploads\/2022\/06\/rio-de-janeiro-a-vista-pagina-1-2048x729.png 2048w\" sizes=\"auto, (max-width: 1024px) 100vw, 1024px\" \/>\t\t\t\t\t\t\t\t\t\t\t\t\t\t\t<\/div>\n\t\t\t\t<\/div>\n\t\t\t\t<section class=\"elementor-section elementor-inner-section elementor-element elementor-element-cd263f1 elementor-section-boxed elementor-section-height-default elementor-section-height-default\" data-id=\"cd263f1\" data-element_type=\"section\">\n\t\t\t\t\t\t<div class=\"elementor-container elementor-column-gap-default\">\n\t\t\t\t\t<div class=\"elementor-column elementor-col-50 elementor-inner-column elementor-element elementor-element-6f5502b\" data-id=\"6f5502b\" data-element_type=\"column\">\n\t\t\t<div class=\"elementor-widget-wrap elementor-element-populated\">\n\t\t\t\t\t\t\t\t<div class=\"elementor-element elementor-element-4267286 elementor-widget elementor-widget-text-editor\" data-id=\"4267286\" data-element_type=\"widget\" data-widget_type=\"text-editor.default\">\n\t\t\t\t<div class=\"elementor-widget-container\">\n\t\t\t\t\t\t\t<p>Thomas Ender<\/p>\t\t\t\t\t\t<\/div>\n\t\t\t\t<\/div>\n\t\t\t\t<div class=\"elementor-element elementor-element-5210ba7 elementor-widget elementor-widget-text-editor\" data-id=\"5210ba7\" data-element_type=\"widget\" data-widget_type=\"text-editor.default\">\n\t\t\t\t<div class=\"elementor-widget-container\">\n\t\t\t\t\t\t\t<p><strong>Praia de Botafogo, c. 1817<\/strong><\/p>\t\t\t\t\t\t<\/div>\n\t\t\t\t<\/div>\n\t\t\t\t\t<\/div>\n\t\t<\/div>\n\t\t\t\t<div class=\"elementor-column elementor-col-50 elementor-inner-column elementor-element elementor-element-11df8a1\" data-id=\"11df8a1\" data-element_type=\"column\">\n\t\t\t<div class=\"elementor-widget-wrap elementor-element-populated\">\n\t\t\t\t\t\t\t\t<div class=\"elementor-element elementor-element-e28e5e4 elementor-widget elementor-widget-text-editor\" data-id=\"e28e5e4\" data-element_type=\"widget\" data-widget_type=\"text-editor.default\">\n\t\t\t\t<div class=\"elementor-widget-container\">\n\t\t\t\t\t\t\t<p>Aquarela sobre papel, 19,5 x 27,7 cm <br \/>Cole\u00e7\u00e3o Geyer \u2013 Museu Imperial\/Ibram\/Secult\/MTur <\/p>\t\t\t\t\t\t<\/div>\n\t\t\t\t<\/div>\n\t\t\t\t\t<\/div>\n\t\t<\/div>\n\t\t\t\t\t\t\t<\/div>\n\t\t<\/section>\n\t\t\t\t<div class=\"elementor-element elementor-element-c0814e6 elementor-widget elementor-widget-heading\" data-id=\"c0814e6\" data-element_type=\"widget\" data-widget_type=\"heading.default\">\n\t\t\t\t<div class=\"elementor-widget-container\">\n\t\t\t<h1 class=\"elementor-heading-title elementor-size-default\">Rio de Janeiro \u00e0 Vista<\/h1>\t\t<\/div>\n\t\t\t\t<\/div>\n\t\t\t\t\t<\/div>\n\t\t<\/div>\n\t\t\t\t\t\t\t<\/div>\n\t\t<\/section>\n\t\t\t\t<section class=\"elementor-section elementor-top-section elementor-element elementor-element-b0f0811 elementor-section-content-middle elementor-section-boxed elementor-section-height-default elementor-section-height-default\" data-id=\"b0f0811\" data-element_type=\"section\" data-settings=\"{&quot;background_background&quot;:&quot;classic&quot;}\">\n\t\t\t\t\t\t<div class=\"elementor-container elementor-column-gap-no\">\n\t\t\t\t\t<div class=\"elementor-column elementor-col-100 elementor-top-column elementor-element elementor-element-aaebd3a\" data-id=\"aaebd3a\" data-element_type=\"column\">\n\t\t\t<div class=\"elementor-widget-wrap elementor-element-populated\">\n\t\t\t\t\t\t\t\t<section class=\"elementor-section elementor-inner-section elementor-element elementor-element-3c93e7f elementor-section-boxed elementor-section-height-default elementor-section-height-default\" data-id=\"3c93e7f\" data-element_type=\"section\">\n\t\t\t\t\t\t<div class=\"elementor-container elementor-column-gap-default\">\n\t\t\t\t\t<div class=\"elementor-column elementor-col-50 elementor-inner-column elementor-element elementor-element-6188bc7\" data-id=\"6188bc7\" data-element_type=\"column\">\n\t\t\t<div class=\"elementor-widget-wrap elementor-element-populated\">\n\t\t\t\t\t\t\t\t<div class=\"elementor-element elementor-element-de433b5 elementor-widget elementor-widget-text-editor\" data-id=\"de433b5\" data-element_type=\"widget\" data-widget_type=\"text-editor.default\">\n\t\t\t\t<div class=\"elementor-widget-container\">\n\t\t\t\t\t\t\t<p>H\u00e1 muito que a paisagem carioca deslumbra os viajantes chegados de outros mares. Como capital do Brasil-col\u00f4nia, ap\u00f3s 1763, o Rio de Janeiro era porto de entrada para a maioria dos estrangeiros que chegava ao pa\u00eds. Por\u00e9m, durante quase todo o per\u00edodo colonial, a imagem da cidade permaneceu pouco conhecida fora d o dom\u00ednio portugu\u00eas. Com a abertura do Brasil para o com\u00e9rcio com outras na\u00e7\u00f5es, ap\u00f3s 1808, seguida pela Independ\u00eancia, em 1822, imagens do Rio passaram a circular com maior desenvoltura. Gra\u00e7as n\u00e3o somente \u00e0 pintura de paisagem, mas sobretudo \u00e0 produ\u00e7\u00e3o de estampas e gravuras por meio da litografia, os principais marcos da cidade \u2013 como o P\u00e3o de A\u00e7\u00facar, o Corcovado, a Igreja da Gl\u00f3ria e o Morro do Castelo \u2013 ficaram conhecidos nos quatro cantos da terra.<br \/><br \/>A internacionaliza\u00e7\u00e3o trouxe trocas comerciais, miss\u00f5es diplom\u00e1ticas e expedi\u00e7\u00f5es cient\u00edficas. Juntamente com elas vieram numerosos artistas atra\u00eddos pela promessa do novo pa\u00eds e sua natureza deslumbrante. Muitos eram oriundos de pa\u00edses de l\u00edngua alem\u00e3. Sua contribui\u00e7\u00e3o \u00e0 forma\u00e7\u00e3o de uma iconografia do Rio de Janeiro \u00e9 evidenciada pelas obras expostas nesta sala.<\/p>\t\t\t\t\t\t<\/div>\n\t\t\t\t<\/div>\n\t\t\t\t\t<\/div>\n\t\t<\/div>\n\t\t\t\t<div class=\"elementor-column elementor-col-50 elementor-inner-column elementor-element elementor-element-4972b06\" data-id=\"4972b06\" data-element_type=\"column\">\n\t\t\t<div class=\"elementor-widget-wrap elementor-element-populated\">\n\t\t\t\t\t\t\t\t<div class=\"elementor-element elementor-element-b3b2336 elementor-widget elementor-widget-image\" data-id=\"b3b2336\" data-element_type=\"widget\" data-widget_type=\"image.default\">\n\t\t\t\t<div class=\"elementor-widget-container\">\n\t\t\t\t\t\t\t\t\t\t\t\t\t\t\t<img loading=\"lazy\" decoding=\"async\" width=\"1024\" height=\"631\" src=\"https:\/\/www.artepadilla.rio\/oolhargermanico\/wp-content\/uploads\/2022\/06\/Igreja-de-Santa-Luzia-c.-1844-1024x631.png\" class=\"attachment-large size-large wp-image-875\" alt=\"\" srcset=\"https:\/\/www.artepadilla.rio\/oolhargermanico\/wp-content\/uploads\/2022\/06\/Igreja-de-Santa-Luzia-c.-1844-1024x631.png 1024w, https:\/\/www.artepadilla.rio\/oolhargermanico\/wp-content\/uploads\/2022\/06\/Igreja-de-Santa-Luzia-c.-1844-300x185.png 300w, https:\/\/www.artepadilla.rio\/oolhargermanico\/wp-content\/uploads\/2022\/06\/Igreja-de-Santa-Luzia-c.-1844-768x473.png 768w, https:\/\/www.artepadilla.rio\/oolhargermanico\/wp-content\/uploads\/2022\/06\/Igreja-de-Santa-Luzia-c.-1844-1536x947.png 1536w, https:\/\/www.artepadilla.rio\/oolhargermanico\/wp-content\/uploads\/2022\/06\/Igreja-de-Santa-Luzia-c.-1844-2048x1262.png 2048w\" sizes=\"auto, (max-width: 1024px) 100vw, 1024px\" \/>\t\t\t\t\t\t\t\t\t\t\t\t\t\t\t<\/div>\n\t\t\t\t<\/div>\n\t\t\t\t<div class=\"elementor-element elementor-element-272f28c elementor-widget elementor-widget-text-editor\" data-id=\"272f28c\" data-element_type=\"widget\" data-widget_type=\"text-editor.default\">\n\t\t\t\t<div class=\"elementor-widget-container\">\n\t\t\t\t\t\t\t<p>Eduard Hildebrandt<\/p>\t\t\t\t\t\t<\/div>\n\t\t\t\t<\/div>\n\t\t\t\t<div class=\"elementor-element elementor-element-e65f781 elementor-widget elementor-widget-heading\" data-id=\"e65f781\" data-element_type=\"widget\" data-widget_type=\"heading.default\">\n\t\t\t\t<div class=\"elementor-widget-container\">\n\t\t\t<h2 class=\"elementor-heading-title elementor-size-default\">Igreja de Santa Luzia, c. 1844<\/h2>\t\t<\/div>\n\t\t\t\t<\/div>\n\t\t\t\t<div class=\"elementor-element elementor-element-bbaeefa elementor-widget elementor-widget-text-editor\" data-id=\"bbaeefa\" data-element_type=\"widget\" data-widget_type=\"text-editor.default\">\n\t\t\t\t<div class=\"elementor-widget-container\">\n\t\t\t\t\t\t\t<p>\u00d3leo sobre tela, 34,0 x 47,5 cm<br \/>Cole\u00e7\u00e3o Geyer \u2013 Museu Imperial\/Ibram\/Secult\/MTur <\/p>\t\t\t\t\t\t<\/div>\n\t\t\t\t<\/div>\n\t\t\t\t<div class=\"elementor-element elementor-element-381f0f5 elementor-widget elementor-widget-text-editor\" data-id=\"381f0f5\" data-element_type=\"widget\" data-widget_type=\"text-editor.default\">\n\t\t\t\t<div class=\"elementor-widget-container\">\n\t\t\t\t\t\t\t<p>O s\u00e9culo XIX foi um per\u00edodo de expans\u00e3o e crescimento da cidade, a qual rompeu os limites do seu Centro antigo para abarcar novos bairros e arrabaldes. O olhar dos artistas acompanhou esse processo, revelando um misto de encantamento ante a beleza natural e fasc\u00ednio pelos costumes de uma sociedade em pleno processo de forma\u00e7\u00e3o. A onipresen\u00e7a da escravid\u00e3o n\u00e3o escapou \u00e0 aten\u00e7\u00e3o dos pintores, como uma sombra na paisagem ensolarada.<\/p>\t\t\t\t\t\t<\/div>\n\t\t\t\t<\/div>\n\t\t\t\t\t<\/div>\n\t\t<\/div>\n\t\t\t\t\t\t\t<\/div>\n\t\t<\/section>\n\t\t\t\t\t<\/div>\n\t\t<\/div>\n\t\t\t\t\t\t\t<\/div>\n\t\t<\/section>\n\t\t\t\t<section class=\"elementor-section elementor-top-section elementor-element elementor-element-dc946f3 elementor-section-content-middle elementor-section-boxed elementor-section-height-default elementor-section-height-default\" data-id=\"dc946f3\" data-element_type=\"section\" data-settings=\"{&quot;background_background&quot;:&quot;classic&quot;}\">\n\t\t\t\t\t\t<div class=\"elementor-container elementor-column-gap-no\">\n\t\t\t\t\t<div class=\"elementor-column elementor-col-100 elementor-top-column elementor-element elementor-element-a97cb4a\" data-id=\"a97cb4a\" data-element_type=\"column\">\n\t\t\t<div class=\"elementor-widget-wrap elementor-element-populated\">\n\t\t\t\t\t\t\t\t<section class=\"elementor-section elementor-inner-section elementor-element elementor-element-2c33600 elementor-section-boxed elementor-section-height-default elementor-section-height-default\" data-id=\"2c33600\" data-element_type=\"section\">\n\t\t\t\t\t\t<div class=\"elementor-container elementor-column-gap-default\">\n\t\t\t\t\t<div class=\"elementor-column elementor-col-50 elementor-inner-column elementor-element elementor-element-962669e\" data-id=\"962669e\" data-element_type=\"column\">\n\t\t\t<div class=\"elementor-widget-wrap elementor-element-populated\">\n\t\t\t\t\t\t\t\t<div class=\"elementor-element elementor-element-d688797 elementor-widget elementor-widget-image\" data-id=\"d688797\" data-element_type=\"widget\" data-widget_type=\"image.default\">\n\t\t\t\t<div class=\"elementor-widget-container\">\n\t\t\t\t\t\t\t\t\t\t\t\t\t\t\t<img loading=\"lazy\" decoding=\"async\" width=\"1024\" height=\"847\" src=\"https:\/\/www.artepadilla.rio\/oolhargermanico\/wp-content\/uploads\/2022\/06\/img-2-pagina-inicial-1024x847.png\" class=\"attachment-large size-large wp-image-766\" alt=\"\" srcset=\"https:\/\/www.artepadilla.rio\/oolhargermanico\/wp-content\/uploads\/2022\/06\/img-2-pagina-inicial-1024x847.png 1024w, https:\/\/www.artepadilla.rio\/oolhargermanico\/wp-content\/uploads\/2022\/06\/img-2-pagina-inicial-300x248.png 300w, https:\/\/www.artepadilla.rio\/oolhargermanico\/wp-content\/uploads\/2022\/06\/img-2-pagina-inicial-768x635.png 768w, https:\/\/www.artepadilla.rio\/oolhargermanico\/wp-content\/uploads\/2022\/06\/img-2-pagina-inicial-1536x1270.png 1536w, https:\/\/www.artepadilla.rio\/oolhargermanico\/wp-content\/uploads\/2022\/06\/img-2-pagina-inicial.png 1819w\" sizes=\"auto, (max-width: 1024px) 100vw, 1024px\" \/>\t\t\t\t\t\t\t\t\t\t\t\t\t\t\t<\/div>\n\t\t\t\t<\/div>\n\t\t\t\t\t<\/div>\n\t\t<\/div>\n\t\t\t\t<div class=\"elementor-column elementor-col-50 elementor-inner-column elementor-element elementor-element-c15f490\" data-id=\"c15f490\" data-element_type=\"column\">\n\t\t\t<div class=\"elementor-widget-wrap elementor-element-populated\">\n\t\t\t\t\t\t\t\t<div class=\"elementor-element elementor-element-279048a elementor-widget elementor-widget-heading\" data-id=\"279048a\" data-element_type=\"widget\" data-widget_type=\"heading.default\">\n\t\t\t\t<div class=\"elementor-widget-container\">\n\t\t\t<h2 class=\"elementor-heading-title elementor-size-default\">Imaginar o Brasil<\/h2>\t\t<\/div>\n\t\t\t\t<\/div>\n\t\t\t\t<div class=\"elementor-element elementor-element-a067217 elementor-widget elementor-widget-premium-addon-button\" data-id=\"a067217\" data-element_type=\"widget\" data-widget_type=\"premium-addon-button.default\">\n\t\t\t\t<div class=\"elementor-widget-container\">\n\t\t\t\r\n\r\n\t\t<a class=\"premium-button premium-button-none premium-btn-lg premium-button-none\" href=\"https:\/\/www.artepadilla.rio\/oolhargermanico\/expo-2\/\">\r\n\t\t\t<div class=\"premium-button-text-icon-wrapper\">\r\n\t\t\t\t\t\t\t\t\t\t\t\t\t\t\t\t\t<span >\r\n\t\t\t\t\tIr para pr\u00f3xima p\u00e1gina\t\t\t\t<\/span>\r\n\t\t\t\t\t\t\t\t\t\t\t\t\t\t\t\t\t\t\t\t\t\t<i class=\"premium-svg-nodraw premium-drawable-icon fas fa-angle-right\" aria-hidden=\"true\"><\/i>\t\t\t\t\t\t\t\t\t\t\t\t\t\t\t\t\t\t<\/div>\r\n\t\t\t\t\t\t\t\t<\/a>\r\n\r\n\r\n\t\t\t\t<\/div>\n\t\t\t\t<\/div>\n\t\t\t\t\t<\/div>\n\t\t<\/div>\n\t\t\t\t\t\t\t<\/div>\n\t\t<\/section>\n\t\t\t\t\t<\/div>\n\t\t<\/div>\n\t\t\t\t\t\t\t<\/div>\n\t\t<\/section>\n\t\t\t\t<section class=\"elementor-section elementor-top-section elementor-element elementor-element-b8ada63 elementor-section-content-middle elementor-section-boxed elementor-section-height-default elementor-section-height-default\" data-id=\"b8ada63\" data-element_type=\"section\" data-settings=\"{&quot;background_background&quot;:&quot;classic&quot;}\">\n\t\t\t\t\t\t<div class=\"elementor-container elementor-column-gap-no\">\n\t\t\t\t\t<div class=\"elementor-column elementor-col-100 elementor-top-column elementor-element elementor-element-4f97590\" data-id=\"4f97590\" data-element_type=\"column\">\n\t\t\t<div class=\"elementor-widget-wrap elementor-element-populated\">\n\t\t\t\t\t\t\t\t<div class=\"elementor-element elementor-element-c8b2b07 elementor-widget elementor-widget-heading\" data-id=\"c8b2b07\" data-element_type=\"widget\" data-widget_type=\"heading.default\">\n\t\t\t\t<div class=\"elementor-widget-container\">\n\t\t\t<h2 class=\"elementor-heading-title elementor-size-default\">Exposi\u00e7\u00e3o O Olhar Germ\u00e2nico na G\u00eanese do Brasil<\/h2>\t\t<\/div>\n\t\t\t\t<\/div>\n\t\t\t\t<div class=\"elementor-element elementor-element-2851535 elementor-widget elementor-widget-text-editor\" data-id=\"2851535\" data-element_type=\"widget\" data-widget_type=\"text-editor.default\">\n\t\t\t\t<div class=\"elementor-widget-container\">\n\t\t\t\t\t\t\t<p>Curadoria Maur\u00edcio Vicente Ferreira J\u00fanior e Rafael Cardoso<\/p>\t\t\t\t\t\t<\/div>\n\t\t\t\t<\/div>\n\t\t\t\t<div class=\"elementor-element elementor-element-998122f elementor-widget elementor-widget-heading\" data-id=\"998122f\" data-element_type=\"widget\" data-widget_type=\"heading.default\">\n\t\t\t\t<div class=\"elementor-widget-container\">\n\t\t\t<h2 class=\"elementor-heading-title elementor-size-default\">De 22 de maio a 29 de outubro de 2022\n<\/h2>\t\t<\/div>\n\t\t\t\t<\/div>\n\t\t\t\t\t<\/div>\n\t\t<\/div>\n\t\t\t\t\t\t\t<\/div>\n\t\t<\/section>\n\t\t\t\t\t\t\t<\/div>\n\t\t","protected":false},"excerpt":{"rendered":"<p>Thomas Ender Praia de Botafogo, c. 1817 Aquarela sobre papel, 19,5 x 27,7 cm Cole\u00e7\u00e3o Geyer \u2013 Museu Imperial\/Ibram\/Secult\/MTur Rio de Janeiro \u00e0 Vista Thomas Ender Praia de Botafogo, c. 1817 Aquarela sobre papel, 19,5 x 27,7 cm Cole\u00e7\u00e3o Geyer \u2013 Museu Imperial\/Ibram\/Secult\/MTur Rio de Janeiro \u00e0 Vista H\u00e1 muito que a paisagem carioca deslumbra &hellip;<\/p>\n<p class=\"read-more\"> <a class=\"\" href=\"https:\/\/www.artepadilla.rio\/oolhargermanico\/expo-1\/\"> <span class=\"screen-reader-text\">Rio de Janeiro \u00e0 Vista<\/span> Leia mais &raquo;<\/a><\/p>\n","protected":false},"author":1,"featured_media":0,"parent":0,"menu_order":0,"comment_status":"closed","ping_status":"closed","template":"","meta":{"site-sidebar-layout":"default","site-content-layout":"page-builder","ast-global-header-display":"","ast-main-header-display":"","ast-hfb-above-header-display":"","ast-hfb-below-header-display":"","ast-hfb-mobile-header-display":"","site-post-title":"disabled","ast-breadcrumbs-content":"","ast-featured-img":"disabled","footer-sml-layout":"","theme-transparent-header-meta":"enabled","adv-header-id-meta":"","stick-header-meta":"","header-above-stick-meta":"","header-main-stick-meta":"","header-below-stick-meta":"","footnotes":""},"class_list":["post-869","page","type-page","status-publish","hentry"],"yoast_head":"<!-- This site is optimized with the Yoast SEO plugin v19.11 - https:\/\/yoast.com\/wordpress\/plugins\/seo\/ -->\n<title>Rio de Janeiro \u00e0 Vista - O Olhar Germ\u00e2nico<\/title>\n<meta name=\"robots\" content=\"index, follow, max-snippet:-1, max-image-preview:large, max-video-preview:-1\" \/>\n<link rel=\"canonical\" href=\"https:\/\/www.artepadilla.rio\/oolhargermanico\/expo-1\/\" \/>\n<meta property=\"og:locale\" content=\"pt_BR\" \/>\n<meta property=\"og:type\" content=\"article\" \/>\n<meta property=\"og:title\" content=\"Rio de Janeiro \u00e0 Vista - O Olhar Germ\u00e2nico\" \/>\n<meta property=\"og:description\" content=\"Thomas Ender Praia de Botafogo, c. 1817 Aquarela sobre papel, 19,5 x 27,7 cm Cole\u00e7\u00e3o Geyer \u2013 Museu Imperial\/Ibram\/Secult\/MTur Rio de Janeiro \u00e0 Vista Thomas Ender Praia de Botafogo, c. 1817 Aquarela sobre papel, 19,5 x 27,7 cm Cole\u00e7\u00e3o Geyer \u2013 Museu Imperial\/Ibram\/Secult\/MTur Rio de Janeiro \u00e0 Vista H\u00e1 muito que a paisagem carioca deslumbra &hellip; Rio de Janeiro \u00e0 Vista Leia mais &raquo;\" \/>\n<meta property=\"og:url\" content=\"https:\/\/www.artepadilla.rio\/oolhargermanico\/expo-1\/\" \/>\n<meta property=\"og:site_name\" content=\"O Olhar Germ\u00e2nico\" \/>\n<meta property=\"article:modified_time\" content=\"2022-08-05T13:54:12+00:00\" \/>\n<meta property=\"og:image\" content=\"https:\/\/www.artepadilla.rio\/oolhargermanico\/wp-content\/uploads\/2022\/06\/designer-paginas-linha-foto-e-texto-1024x553.png\" \/>\n<meta name=\"twitter:card\" content=\"summary_large_image\" \/>\n<meta name=\"twitter:label1\" content=\"Est. tempo de leitura\" \/>\n\t<meta name=\"twitter:data1\" content=\"4 minutos\" \/>\n<script type=\"application\/ld+json\" class=\"yoast-schema-graph\">{\"@context\":\"https:\/\/schema.org\",\"@graph\":[{\"@type\":\"WebPage\",\"@id\":\"https:\/\/www.artepadilla.rio\/oolhargermanico\/expo-1\/\",\"url\":\"https:\/\/www.artepadilla.rio\/oolhargermanico\/expo-1\/\",\"name\":\"Rio de Janeiro \u00e0 Vista - O Olhar Germ\u00e2nico\",\"isPartOf\":{\"@id\":\"https:\/\/www.artepadilla.rio\/oolhargermanico\/#website\"},\"datePublished\":\"2022-06-23T21:33:06+00:00\",\"dateModified\":\"2022-08-05T13:54:12+00:00\",\"breadcrumb\":{\"@id\":\"https:\/\/www.artepadilla.rio\/oolhargermanico\/expo-1\/#breadcrumb\"},\"inLanguage\":\"pt-BR\",\"potentialAction\":[{\"@type\":\"ReadAction\",\"target\":[\"https:\/\/www.artepadilla.rio\/oolhargermanico\/expo-1\/\"]}]},{\"@type\":\"BreadcrumbList\",\"@id\":\"https:\/\/www.artepadilla.rio\/oolhargermanico\/expo-1\/#breadcrumb\",\"itemListElement\":[{\"@type\":\"ListItem\",\"position\":1,\"name\":\"In\u00edcio\",\"item\":\"https:\/\/www.artepadilla.rio\/oolhargermanico\/\"},{\"@type\":\"ListItem\",\"position\":2,\"name\":\"Rio de Janeiro \u00e0 Vista\"}]},{\"@type\":\"WebSite\",\"@id\":\"https:\/\/www.artepadilla.rio\/oolhargermanico\/#website\",\"url\":\"https:\/\/www.artepadilla.rio\/oolhargermanico\/\",\"name\":\"O Olhar Germ\u00e2nico\",\"description\":\"Cole&ccedil;&atilde;o Geyer - Museu Imperial\",\"potentialAction\":[{\"@type\":\"SearchAction\",\"target\":{\"@type\":\"EntryPoint\",\"urlTemplate\":\"https:\/\/www.artepadilla.rio\/oolhargermanico\/?s={search_term_string}\"},\"query-input\":\"required name=search_term_string\"}],\"inLanguage\":\"pt-BR\"}]}<\/script>\n<!-- \/ Yoast SEO plugin. -->","yoast_head_json":{"title":"Rio de Janeiro \u00e0 Vista - O Olhar Germ\u00e2nico","robots":{"index":"index","follow":"follow","max-snippet":"max-snippet:-1","max-image-preview":"max-image-preview:large","max-video-preview":"max-video-preview:-1"},"canonical":"https:\/\/www.artepadilla.rio\/oolhargermanico\/expo-1\/","og_locale":"pt_BR","og_type":"article","og_title":"Rio de Janeiro \u00e0 Vista - O Olhar Germ\u00e2nico","og_description":"Thomas Ender Praia de Botafogo, c. 1817 Aquarela sobre papel, 19,5 x 27,7 cm Cole\u00e7\u00e3o Geyer \u2013 Museu Imperial\/Ibram\/Secult\/MTur Rio de Janeiro \u00e0 Vista Thomas Ender Praia de Botafogo, c. 1817 Aquarela sobre papel, 19,5 x 27,7 cm Cole\u00e7\u00e3o Geyer \u2013 Museu Imperial\/Ibram\/Secult\/MTur Rio de Janeiro \u00e0 Vista H\u00e1 muito que a paisagem carioca deslumbra &hellip; Rio de Janeiro \u00e0 Vista Leia mais &raquo;","og_url":"https:\/\/www.artepadilla.rio\/oolhargermanico\/expo-1\/","og_site_name":"O Olhar Germ\u00e2nico","article_modified_time":"2022-08-05T13:54:12+00:00","og_image":[{"url":"https:\/\/www.artepadilla.rio\/oolhargermanico\/wp-content\/uploads\/2022\/06\/designer-paginas-linha-foto-e-texto-1024x553.png"}],"twitter_card":"summary_large_image","twitter_misc":{"Est. tempo de leitura":"4 minutos"},"schema":{"@context":"https:\/\/schema.org","@graph":[{"@type":"WebPage","@id":"https:\/\/www.artepadilla.rio\/oolhargermanico\/expo-1\/","url":"https:\/\/www.artepadilla.rio\/oolhargermanico\/expo-1\/","name":"Rio de Janeiro \u00e0 Vista - O Olhar Germ\u00e2nico","isPartOf":{"@id":"https:\/\/www.artepadilla.rio\/oolhargermanico\/#website"},"datePublished":"2022-06-23T21:33:06+00:00","dateModified":"2022-08-05T13:54:12+00:00","breadcrumb":{"@id":"https:\/\/www.artepadilla.rio\/oolhargermanico\/expo-1\/#breadcrumb"},"inLanguage":"pt-BR","potentialAction":[{"@type":"ReadAction","target":["https:\/\/www.artepadilla.rio\/oolhargermanico\/expo-1\/"]}]},{"@type":"BreadcrumbList","@id":"https:\/\/www.artepadilla.rio\/oolhargermanico\/expo-1\/#breadcrumb","itemListElement":[{"@type":"ListItem","position":1,"name":"In\u00edcio","item":"https:\/\/www.artepadilla.rio\/oolhargermanico\/"},{"@type":"ListItem","position":2,"name":"Rio de Janeiro \u00e0 Vista"}]},{"@type":"WebSite","@id":"https:\/\/www.artepadilla.rio\/oolhargermanico\/#website","url":"https:\/\/www.artepadilla.rio\/oolhargermanico\/","name":"O Olhar Germ\u00e2nico","description":"Cole&ccedil;&atilde;o Geyer - Museu Imperial","potentialAction":[{"@type":"SearchAction","target":{"@type":"EntryPoint","urlTemplate":"https:\/\/www.artepadilla.rio\/oolhargermanico\/?s={search_term_string}"},"query-input":"required name=search_term_string"}],"inLanguage":"pt-BR"}]}},"_links":{"self":[{"href":"https:\/\/www.artepadilla.rio\/oolhargermanico\/wp-json\/wp\/v2\/pages\/869","targetHints":{"allow":["GET"]}}],"collection":[{"href":"https:\/\/www.artepadilla.rio\/oolhargermanico\/wp-json\/wp\/v2\/pages"}],"about":[{"href":"https:\/\/www.artepadilla.rio\/oolhargermanico\/wp-json\/wp\/v2\/types\/page"}],"author":[{"embeddable":true,"href":"https:\/\/www.artepadilla.rio\/oolhargermanico\/wp-json\/wp\/v2\/users\/1"}],"replies":[{"embeddable":true,"href":"https:\/\/www.artepadilla.rio\/oolhargermanico\/wp-json\/wp\/v2\/comments?post=869"}],"version-history":[{"count":0,"href":"https:\/\/www.artepadilla.rio\/oolhargermanico\/wp-json\/wp\/v2\/pages\/869\/revisions"}],"wp:attachment":[{"href":"https:\/\/www.artepadilla.rio\/oolhargermanico\/wp-json\/wp\/v2\/media?parent=869"}],"curies":[{"name":"wp","href":"https:\/\/api.w.org\/{rel}","templated":true}]}}